{"id":6931,"date":"2025-07-09T20:38:42","date_gmt":"2025-07-09T20:38:42","guid":{"rendered":"https:\/\/www.nifa-bayern.de\/?post_type=tribe_events&#038;p=6931"},"modified":"2025-07-09T21:14:33","modified_gmt":"2025-07-09T21:14:33","slug":"akwaba-2025-eroeffnung-der-17-afrikatage","status":"publish","type":"tribe_events","link":"https:\/\/www.nifa-bayern.de\/?tribe_events=akwaba-2025-eroeffnung-der-17-afrikatage","title":{"rendered":"AKWABA 2025 &#8211; ER\u00d6FFNUNG DER 17. AFRIKATAGE"},"content":{"rendered":"<div  class=\"tribe-events-schedule tribe-clearfix\" >\n\t<p class=\"tribe-events-schedule__datetime\">\n\t\t<span class=\"tribe-events-schedule__date tribe-events-schedule__date--start\">\n\t\t\t11 Juli 2025\t\t<\/span>\n\n\t\t\t\t\t<span class=\"tribe-events-schedule__separator tribe-events-schedule__separator--date\">\n\t\t\t\t.\t\t\t<\/span>\n\t\t\t<span class=\"tribe-events-schedule__time tribe-events-schedule__time--start\">\n\t\t\t\t19:00\t\t\t<\/span>\n\t\t\n\t\t\t\t\t\t\t\t\t<span class=\"tribe-events-schedule__separator tribe-events-schedule__separator--time\">\n\t\t\t\t\t &#8211; \t\t\t\t<\/span>\n\t\t\t\n\t\t\t\t\t\t\t<span class=\"tribe-events-schedule__time tribe-events-schedule__time--end\">\n\t\t\t\t\t21:30\t\t\t\t<\/span>\n\t\t\t\n\t\t\t\t\t\t\t<span class=\"tribe-events-schedule__timezone\">UTC+0<\/span>\n\t\t\t\t\t\t<\/p>\n<\/div>\n\n\n\n<p>Zum Auftakt der Afrikatage laden wir Sie ein, die Musik von Chudo Master zu genie\u00dfen. Die&nbsp;Gruppe kommt aus Dar es Salaam in Tansania.<\/p>\n\n\n\n<p>Chudo Master hat mit dem traditionellen Litungu-Saiteninstrument einen einzigartigen Musikstil entwickelt. Zusammen mit seiner Band hat Chudo einen neuen Musikstil geschaffen. Er nennt ihn \u201eLitungu Blues\u201c.<\/p>\n\n\n\n<p>Wie jedes Jahr berichten G\u00e4ste mit afrikanischen Wurzeln, die sich in Politik, Wirtschaft und Kultur engagieren, \u00fcber ihren Werdegang und ihre T\u00e4tigkeiten. Diskutieren Sie mit uns, ob und welche Vorbildfunktion sie damit aus\u00fcben. Rali Guemedji von Fi Bassar wird die Interviews durchf\u00fchren.<\/p>\n\n\n\n<p>In unserer aktualisierten Ausstellung zu \u201eGood News from Africa\u201c zum Thema Digitalisierung, einem neuen Quiz und unserem Afrika-Puzzle erfahren Sie mehr \u00fcber den afrikanischen Kontinent.<\/p>\n\n\n\n<p>Ein Flohmarkt mit afrikanischen Produkten l\u00e4dt Sie zum St\u00f6bern ein. Unser Setzkasten mit Upcycling-Produkten ist ebenso wie unsere \u00e4thiopischen Kaffeezeremonie wieder dabei. Und zahlreiche NIfA-Gruppen werden sich und ihre Arbeit pr\u00e4sentieren<\/p>\n\n\n<div  class=\"tribe-block tribe-block__event-price\" >\n\t\t\t<span class=\"tribe-block__event-price__cost\"> Free <\/span>\n\t\t<\/div>\n\n\n<div  class=\"tribe-block tribe-block__organizer__details tribe-clearfix\" >\n\t<div class=\"tribe-block__organizer__title\">\n\t\t<h3>NIfA e.V.<\/h3>\n\t<\/div>\n\t\t\t<p class=\"tribe-block__organizer__phone\">0911 234 \u2013 6310<\/p>\n\t\t\t\t<p class=\"tribe-block__organizer__website\"><a href=\"http:\/\/www.nifa-bayern.de\" target=\"_blank\" rel=\"noopener noreferrer\">Veranstalter-Website anzeigen<\/a><\/p>\n\t\t\t\t<p class=\"tribe-block__organizer__email\">i&#110;fo&#064;nifa&#045;b&#097;&#121;&#101;r&#110;&#046;d&#101;<\/p>\n\t<\/div>\n\n\n<div  class=\"tribe-block tribe-block__venue tribe-clearfix tribe-block__venue--has-map\" >\n\t\n\t\n<div class=\"tribe-block__venue__meta\">\n\t<div class=\"tribe-block__venue__name\">\n\t\t<h3>Caritas-Pirckheimer-Haus<\/h3>\n\t<\/div>\n\n\t\n\t\t\t\t\t\t<address class=\"tribe-block__venue__address\">\n\t\t\t\t<span class=\"tribe-address\">\n\n<span class=\"tribe-street-address\">K\u00f6nigstra\u00dfe 64<\/span>\n\t\n\t\t<br>\n\t\t<span class=\"tribe-locality\">N\u00fcrnberg<\/span><span class=\"tribe-delimiter\">,<\/span>\n\n\t<abbr class=\"tribe-region tribe-events-abbr\" title=\"Bayern\">Bayern<\/abbr>\n\n\t<span class=\"tribe-postal-code\">90402<\/span>\n\n\t<span class=\"tribe-country-name\">Germany<\/span>\n\n<\/span>\n\n\t\t\t\t\t\t\t\t\t<a class=\"tribe-events-gmap\" href=\"https:\/\/maps.google.com\/maps?f=q&#038;source=s_q&#038;hl=en&#038;geocode=&#038;q=K%C3%B6nigstra%C3%9Fe+64+N%C3%BCrnberg+Bayern+90402+Germany\" title=\"Klicken, um Google Karte anzuzeigen\" target=\"_blank\" rel=\"noreferrer noopener\">Google-Karte anzeigen<\/a>\t\t\t\t\t\t\t<\/address>\n\t\t\n\t\t\n\t\t\t\n\t<\/div>\n\t\n<div class=\"tribe-block__venue__map\">\n\t\n<iframe\n  title=\"Iframe von Google Maps, der die Adresse von Caritas-Pirckheimer-Haus anzeigt\"\n  aria-label=\"Karte des Veranstaltungsorts\"\n  width=\"310px\"\n  height=\"256px\"\n  frameborder=\"0\" style=\"border:0\"\n  src=\"https:\/\/www.google.com\/maps\/embed\/v1\/place?key=AIzaSyDNsicAsP6-VuGtAb1O9riI3oc_NOb7IOU&#038;q=K%C3%B6nigstra%C3%9Fe+64+N%C3%BCrnberg+Bayern+Bayern+90402+Germany+&#038;zoom=10\" allowfullscreen>\n<\/iframe>\n<\/div>\n\n\t<\/div>\n\n\n\n\n\t<div  class=\"tribe-block tribe-block__events-link\" >\n\t\t<div class=\"tribe-events tribe-common\">\n\t\t\t<div class=\"tribe-events-c-subscribe-dropdown__container\">\n\t\t\t\t<div class=\"tribe-events-c-subscribe-dropdown\">\n\t\t\t\t\t<div class=\"tribe-common-c-btn-border tribe-events-c-subscribe-dropdown__button\">\n\t\t\t\t\t\t<svg\n\t class=\"tribe-common-c-svgicon tribe-common-c-svgicon--cal-export tribe-events-c-subscribe-dropdown__export-icon\" \taria-hidden=\"true\"\n\tviewBox=\"0 0 23 17\"\n\txmlns=\"http:\/\/www.w3.org\/2000\/svg\"\n>\n\t<path fill-rule=\"evenodd\" clip-rule=\"evenodd\" d=\"M.128.896V16.13c0 .211.145.383.323.383h15.354c.179 0 .323-.172.323-.383V.896c0-.212-.144-.383-.323-.383H.451C.273.513.128.684.128.896Zm16 6.742h-.901V4.679H1.009v10.729h14.218v-3.336h.901V7.638ZM1.01 1.614h14.218v2.058H1.009V1.614Z\" \/>\n\t<path d=\"M20.5 9.846H8.312M18.524 6.953l2.89 2.909-2.855 2.855\" stroke-width=\"1.2\" stroke-linecap=\"round\" stroke-linejoin=\"round\"\/>\n<\/svg>\n\t\t\t\t\t\t<button\n\t\t\t\t\t\t\tclass=\"tribe-events-c-subscribe-dropdown__button-text\"\n\t\t\t\t\t\t\taria-expanded=\"false\"\n\t\t\t\t\t\t\taria-controls=\"tribe-events-subscribe-dropdown-content\"\n\t\t\t\t\t\t\taria-label=\"Zeigen Sie Links an um Veranstaltungen zu Ihrem Kalender hinzuzuf\u00fcgen\"\n\t\t\t\t\t\t>\n\t\t\t\t\t\t\tZum Kalender hinzuf\u00fcgen\t\t\t\t\t\t<\/button>\n\t\t\t\t\t\t<svg\n\t class=\"tribe-common-c-svgicon tribe-common-c-svgicon--caret-down tribe-events-c-subscribe-dropdown__button-icon\" \taria-hidden=\"true\"\n\tviewBox=\"0 0 10 7\"\n\txmlns=\"http:\/\/www.w3.org\/2000\/svg\"\n>\n\t<path fill-rule=\"evenodd\" clip-rule=\"evenodd\" d=\"M1.008.609L5 4.6 8.992.61l.958.958L5 6.517.05 1.566l.958-.958z\" class=\"tribe-common-c-svgicon__svg-fill\"\/>\n<\/svg>\n\t\t\t\t\t<\/div>\n\t\t\t\t\t<div id=\"tribe-events-subscribe-dropdown-content\" class=\"tribe-events-c-subscribe-dropdown__content\">\n\t\t\t\t\t\t<ul class=\"tribe-events-c-subscribe-dropdown__list\">\n\t\t\t\t\t\t\t\t\t\t\t\t\t\t\t<li class=\"tribe-events-c-subscribe-dropdown__list-item tribe-events-c-subscribe-dropdown__list-item--gcal\">\n\t\t\t\t\t\t\t\t\t<a\n\t\t\t\t\t\t\t\t\t\thref=\"https:\/\/www.google.com\/calendar\/event?action=TEMPLATE&#038;dates=20250711T190000\/20250711T213000&#038;text=AKWABA%202025%20%26%238211%3B%20ER%C3%96FFNUNG%20DER%2017.%20AFRIKATAGE&#038;details=%3Cp%3EZum+Auftakt+der+Afrikatage+laden+wir+Sie+ein%2C+die+Musik+von+Chudo+Master+zu+genie%C3%9Fen.+Die%26nbsp%3BGruppe+kommt+aus+Dar+es+Salaam+in+Tansania.%3C%2Fp%3E+%3Cp%3EChudo+Master+hat+mit+dem+traditionellen+Litungu-Saiteninstrument+einen+einzigartigen+Musikstil+entwickelt.+Zusammen+mit+seiner+Band+hat+Chudo+einen+neuen+Musikstil+geschaffen.+Er+nennt+ihn+%E2%80%9ELitungu+Blues%E2%80%9C.%3C%2Fp%3E+%3Cp%3EWie+jedes+Jahr+berichten+G%C3%A4ste+mit+afrikanischen+Wurzeln%2C+die+sich+in+Politik%2C+Wirtschaft+und+Kultur+engagieren%2C+%C3%BCber+ihren+Werdegang+und+ihre+T%C3%A4tigkeiten.+Diskutieren+Sie+mit+uns%2C+ob+und+welche+Vorbildfunktion+sie+damit+aus%C3%BCben.+Rali+Guemedji+von+Fi+Bassar+wird+die+Interviews+durchf%C3%BChren.%3C%2Fp%3E+%3Cp%3EIn+unserer+aktualisierten+Ausstellung+zu+%E2%80%9EGood+News+from+Africa%E2%80%9C+zum+Thema+Digitalisierung%2C+einem+neuen+Quiz+und+unserem+Afrika-Puzzle+erfahren+Sie+mehr+%C3%BCber+den+afrikanischen+Kontinent.%3C%2Fp%3E+%3Cp%3EEin+Flohmarkt+mit+afrikanischen+Produkten+l%C3%A4dt+Sie+zum+St%C3%B6bern+ein.+Unser+Setzkasten+mit+Upcycling-Produkt%3C%2Fp%3E+%28Zeige+vollst%C3%A4ndige+Veranstaltung-Beschreibung+hier+an%3A+https%3A%2F%2Fwww.nifa-bayern.de%2F%3Ftribe_events%3Dakwaba-2025-eroeffnung-der-17-afrikatage%29&#038;location=Caritas-Pirckheimer-Haus,%20K\u00f6nigstra\u00dfe%2064,%20N\u00fcrnberg,%20Bayern,%2090402,%20Germany&#038;trp=false&#038;ctz=UTC&#038;sprop=website:https:\/\/www.nifa-bayern.de\"\n\t\t\t\t\t\t\t\t\t\tclass=\"tribe-events-c-subscribe-dropdown__list-item-link\"\n\t\t\t\t\t\t\t\t\t\ttarget=\"_blank\"\n\t\t\t\t\t\t\t\t\t\trel=\"noopener noreferrer nofollow noindex\"\n\t\t\t\t\t\t\t\t\t>\n\t\t\t\t\t\t\t\t\t\tGoogle Kalender\t\t\t\t\t\t\t\t\t<\/a>\n\t\t\t\t\t\t\t\t<\/li>\n\t\t\t\t\t\t\t\t\t\t\t\t\t\t\t<li class=\"tribe-events-c-subscribe-dropdown__list-item tribe-events-c-subscribe-dropdown__list-item--ical\">\n\t\t\t\t\t\t\t\t\t<a\n\t\t\t\t\t\t\t\t\t\thref=\"\"\n\t\t\t\t\t\t\t\t\t\tclass=\"tribe-events-c-subscribe-dropdown__list-item-link\"\n\t\t\t\t\t\t\t\t\t\ttarget=\"_blank\"\n\t\t\t\t\t\t\t\t\t\trel=\"noopener noreferrer nofollow noindex\"\n\t\t\t\t\t\t\t\t\t>\n\t\t\t\t\t\t\t\t\t\tiCalendar\t\t\t\t\t\t\t\t\t<\/a>\n\t\t\t\t\t\t\t\t<\/li>\n\t\t\t\t\t\t\t\t\t\t\t\t\t\t\t<li class=\"tribe-events-c-subscribe-dropdown__list-item tribe-events-c-subscribe-dropdown__list-item--outlook-365\">\n\t\t\t\t\t\t\t\t\t<a\n\t\t\t\t\t\t\t\t\t\thref=\"\"\n\t\t\t\t\t\t\t\t\t\tclass=\"tribe-events-c-subscribe-dropdown__list-item-link\"\n\t\t\t\t\t\t\t\t\t\ttarget=\"_blank\"\n\t\t\t\t\t\t\t\t\t\trel=\"noopener noreferrer nofollow noindex\"\n\t\t\t\t\t\t\t\t\t>\n\t\t\t\t\t\t\t\t\t\tOutlook 365\t\t\t\t\t\t\t\t\t<\/a>\n\t\t\t\t\t\t\t\t<\/li>\n\t\t\t\t\t\t\t\t\t\t\t\t\t\t\t<li class=\"tribe-events-c-subscribe-dropdown__list-item tribe-events-c-subscribe-dropdown__list-item--outlook-live\">\n\t\t\t\t\t\t\t\t\t<a\n\t\t\t\t\t\t\t\t\t\thref=\"\"\n\t\t\t\t\t\t\t\t\t\tclass=\"tribe-events-c-subscribe-dropdown__list-item-link\"\n\t\t\t\t\t\t\t\t\t\ttarget=\"_blank\"\n\t\t\t\t\t\t\t\t\t\trel=\"noopener noreferrer nofollow noindex\"\n\t\t\t\t\t\t\t\t\t>\n\t\t\t\t\t\t\t\t\t\tOutlook Live\t\t\t\t\t\t\t\t\t<\/a>\n\t\t\t\t\t\t\t\t<\/li>\n\t\t\t\t\t\t\t\t\t\t\t\t\t<\/ul>\n\t\t\t\t\t<\/div>\n\t\t\t\t<\/div>\n\t\t\t<\/div>\n\t\t<\/div>\n\t<\/div>\n\n\n\n\n\n","protected":false},"excerpt":{"rendered":"<p>Zum Auftakt der Afrikatage laden wir Sie ein, die Musik von Chudo Master zu genie\u00dfen. Die&nbsp;Gruppe kommt aus Dar es Salaam in Tansania. Chudo Master hat mit dem traditionellen Litungu-Saiteninstrument [&hellip;]<\/p>\n","protected":false},"author":2,"featured_media":0,"template":"","meta":{"ngg_post_thumbnail":0,"_price":"","_stock":"","_tribe_ticket_header":"","_tribe_default_ticket_provider":"","_tribe_ticket_capacity":"","_ticket_start_date":"","_ticket_end_date":"","_tribe_ticket_show_description":"","_tribe_ticket_show_not_going":false,"_tribe_ticket_use_global_stock":"","_tribe_ticket_global_stock_level":"","_global_stock_mode":"","_global_stock_cap":"","_tribe_rsvp_for_event":"","_tribe_ticket_going_count":"","_tribe_ticket_not_going_count":"","_tribe_tickets_list":"[]","_tribe_ticket_has_attendee_info_fields":false,"_EventAllDay":false,"_EventTimezone":"UTC+0","_EventStartDate":"2025-07-11 19:00:00","_EventEndDate":"2025-07-11 21:30:00","_EventStartDateUTC":"2025-07-11 19:00:00","_EventEndDateUTC":"2025-07-11 21:30:00","_EventShowMap":false,"_EventShowMapLink":false,"_EventURL":"","_EventCost":"Free","_EventCostDescription":"","_EventCurrencySymbol":"\u20ac","_EventCurrencyCode":"EUR","_EventCurrencyPosition":"prefix","_EventDateTimeSeparator":".","_EventTimeRangeSeparator":" - ","_EventOrganizerID":[6934],"_EventVenueID":[6937],"_OrganizerEmail":"","_OrganizerPhone":"","_OrganizerWebsite":"","_VenueAddress":"","_VenueCity":"","_VenueCountry":"","_VenueProvince":"","_VenueState":"","_VenueZip":"","_VenuePhone":"","_VenueURL":"","_VenueStateProvince":"","_VenueLat":"","_VenueLng":"","_VenueShowMap":false,"_VenueShowMapLink":false,"_tribe_events_status":"","_tribe_events_status_reason":"","footnotes":"","_tec_slr_enabled":"","_tec_slr_layout":""},"tags":[],"tribe_events_cat":[],"class_list":["post-6931","tribe_events","type-tribe_events","status-publish","hentry"],"yoast_head":"<!-- This site is optimized with the Yoast SEO plugin v27.5 - https:\/\/yoast.com\/product\/yoast-seo-wordpress\/ -->\n<title>AKWABA 2025 - ER\u00d6FFNUNG DER 17. AFRIKATAGE - N\u00fcrnberger Initiative F\u00fcr Afrika e.V.<\/title>\n<meta name=\"robots\" content=\"index, follow, max-snippet:-1, max-image-preview:large, max-video-preview:-1\" \/>\n<link rel=\"canonical\" href=\"https:\/\/www.nifa-bayern.de\/?tribe_events=akwaba-2025-eroeffnung-der-17-afrikatage\" \/>\n<meta property=\"og:locale\" content=\"de_DE\" \/>\n<meta property=\"og:type\" content=\"article\" \/>\n<meta property=\"og:title\" content=\"AKWABA 2025 - ER\u00d6FFNUNG DER 17. AFRIKATAGE - N\u00fcrnberger Initiative F\u00fcr Afrika e.V.\" \/>\n<meta property=\"og:description\" content=\"Zum Auftakt der Afrikatage laden wir Sie ein, die Musik von Chudo Master zu genie\u00dfen. Die&nbsp;Gruppe kommt aus Dar es Salaam in Tansania. Chudo Master hat mit dem traditionellen Litungu-Saiteninstrument [&hellip;]\" \/>\n<meta property=\"og:url\" content=\"https:\/\/www.nifa-bayern.de\/?tribe_events=akwaba-2025-eroeffnung-der-17-afrikatage\" \/>\n<meta property=\"og:site_name\" content=\"N\u00fcrnberger Initiative F\u00fcr Afrika e.V.\" \/>\n<meta property=\"article:publisher\" content=\"https:\/\/www.facebook.com\/NIfABayern\" \/>\n<meta property=\"article:modified_time\" content=\"2025-07-09T21:14:33+00:00\" \/>\n<meta name=\"twitter:card\" content=\"summary_large_image\" \/>\n<meta name=\"twitter:label1\" content=\"Gesch\u00e4tzte Lesezeit\" \/>\n\t<meta name=\"twitter:data1\" content=\"1\u00a0Minute\" \/>\n<script type=\"application\/ld+json\" class=\"yoast-schema-graph\">{\"@context\":\"https:\\\/\\\/schema.org\",\"@graph\":[{\"@type\":\"WebPage\",\"@id\":\"https:\\\/\\\/www.nifa-bayern.de\\\/?tribe_events=akwaba-2025-eroeffnung-der-17-afrikatage\",\"url\":\"https:\\\/\\\/www.nifa-bayern.de\\\/?tribe_events=akwaba-2025-eroeffnung-der-17-afrikatage\",\"name\":\"AKWABA 2025 - ER\u00d6FFNUNG DER 17. AFRIKATAGE - N\u00fcrnberger Initiative F\u00fcr Afrika e.V.\",\"isPartOf\":{\"@id\":\"https:\\\/\\\/www.nifa-bayern.de\\\/#website\"},\"datePublished\":\"2025-07-09T20:38:42+00:00\",\"dateModified\":\"2025-07-09T21:14:33+00:00\",\"breadcrumb\":{\"@id\":\"https:\\\/\\\/www.nifa-bayern.de\\\/?tribe_events=akwaba-2025-eroeffnung-der-17-afrikatage#breadcrumb\"},\"inLanguage\":\"de\",\"potentialAction\":[{\"@type\":\"ReadAction\",\"target\":[\"https:\\\/\\\/www.nifa-bayern.de\\\/?tribe_events=akwaba-2025-eroeffnung-der-17-afrikatage\"]}]},{\"@type\":\"BreadcrumbList\",\"@id\":\"https:\\\/\\\/www.nifa-bayern.de\\\/?tribe_events=akwaba-2025-eroeffnung-der-17-afrikatage#breadcrumb\",\"itemListElement\":[{\"@type\":\"ListItem\",\"position\":1,\"name\":\"Startseite\",\"item\":\"https:\\\/\\\/www.nifa-bayern.de\\\/\"},{\"@type\":\"ListItem\",\"position\":2,\"name\":\"Veranstaltungen\",\"item\":\"https:\\\/\\\/www.nifa-bayern.de\\\/?post_type=tribe_events\"},{\"@type\":\"ListItem\",\"position\":3,\"name\":\"AKWABA 2025 &#8211; ER\u00d6FFNUNG DER 17. AFRIKATAGE\"}]},{\"@type\":\"WebSite\",\"@id\":\"https:\\\/\\\/www.nifa-bayern.de\\\/#website\",\"url\":\"https:\\\/\\\/www.nifa-bayern.de\\\/\",\"name\":\"N\u00fcrnberger Initiative F\u00fcr Afrika\",\"description\":\"\",\"publisher\":{\"@id\":\"https:\\\/\\\/www.nifa-bayern.de\\\/#organization\"},\"potentialAction\":[{\"@type\":\"SearchAction\",\"target\":{\"@type\":\"EntryPoint\",\"urlTemplate\":\"https:\\\/\\\/www.nifa-bayern.de\\\/?s={search_term_string}\"},\"query-input\":{\"@type\":\"PropertyValueSpecification\",\"valueRequired\":true,\"valueName\":\"search_term_string\"}}],\"inLanguage\":\"de\"},{\"@type\":\"Organization\",\"@id\":\"https:\\\/\\\/www.nifa-bayern.de\\\/#organization\",\"name\":\"N\u00fcrnberger Initiative F\u00fcr Afrika\",\"url\":\"https:\\\/\\\/www.nifa-bayern.de\\\/\",\"logo\":{\"@type\":\"ImageObject\",\"inLanguage\":\"de\",\"@id\":\"https:\\\/\\\/www.nifa-bayern.de\\\/#\\\/schema\\\/logo\\\/image\\\/\",\"url\":\"https:\\\/\\\/www.nifa-bayern.de\\\/wp-content\\\/uploads\\\/2020\\\/07\\\/NIFA_Logo_small.png\",\"contentUrl\":\"https:\\\/\\\/www.nifa-bayern.de\\\/wp-content\\\/uploads\\\/2020\\\/07\\\/NIFA_Logo_small.png\",\"width\":570,\"height\":231,\"caption\":\"N\u00fcrnberger Initiative F\u00fcr Afrika\"},\"image\":{\"@id\":\"https:\\\/\\\/www.nifa-bayern.de\\\/#\\\/schema\\\/logo\\\/image\\\/\"},\"sameAs\":[\"https:\\\/\\\/www.facebook.com\\\/NIfABayern\"]}]}<\/script>\n<!-- \/ Yoast SEO plugin. -->","yoast_head_json":{"title":"AKWABA 2025 - ER\u00d6FFNUNG DER 17. AFRIKATAGE - N\u00fcrnberger Initiative F\u00fcr Afrika e.V.","robots":{"index":"index","follow":"follow","max-snippet":"max-snippet:-1","max-image-preview":"max-image-preview:large","max-video-preview":"max-video-preview:-1"},"canonical":"https:\/\/www.nifa-bayern.de\/?tribe_events=akwaba-2025-eroeffnung-der-17-afrikatage","og_locale":"de_DE","og_type":"article","og_title":"AKWABA 2025 - ER\u00d6FFNUNG DER 17. AFRIKATAGE - N\u00fcrnberger Initiative F\u00fcr Afrika e.V.","og_description":"Zum Auftakt der Afrikatage laden wir Sie ein, die Musik von Chudo Master zu genie\u00dfen. Die&nbsp;Gruppe kommt aus Dar es Salaam in Tansania. Chudo Master hat mit dem traditionellen Litungu-Saiteninstrument [&hellip;]","og_url":"https:\/\/www.nifa-bayern.de\/?tribe_events=akwaba-2025-eroeffnung-der-17-afrikatage","og_site_name":"N\u00fcrnberger Initiative F\u00fcr Afrika e.V.","article_publisher":"https:\/\/www.facebook.com\/NIfABayern","article_modified_time":"2025-07-09T21:14:33+00:00","twitter_card":"summary_large_image","twitter_misc":{"Gesch\u00e4tzte Lesezeit":"1\u00a0Minute"},"schema":{"@context":"https:\/\/schema.org","@graph":[{"@type":"WebPage","@id":"https:\/\/www.nifa-bayern.de\/?tribe_events=akwaba-2025-eroeffnung-der-17-afrikatage","url":"https:\/\/www.nifa-bayern.de\/?tribe_events=akwaba-2025-eroeffnung-der-17-afrikatage","name":"AKWABA 2025 - ER\u00d6FFNUNG DER 17. AFRIKATAGE - N\u00fcrnberger Initiative F\u00fcr Afrika e.V.","isPartOf":{"@id":"https:\/\/www.nifa-bayern.de\/#website"},"datePublished":"2025-07-09T20:38:42+00:00","dateModified":"2025-07-09T21:14:33+00:00","breadcrumb":{"@id":"https:\/\/www.nifa-bayern.de\/?tribe_events=akwaba-2025-eroeffnung-der-17-afrikatage#breadcrumb"},"inLanguage":"de","potentialAction":[{"@type":"ReadAction","target":["https:\/\/www.nifa-bayern.de\/?tribe_events=akwaba-2025-eroeffnung-der-17-afrikatage"]}]},{"@type":"BreadcrumbList","@id":"https:\/\/www.nifa-bayern.de\/?tribe_events=akwaba-2025-eroeffnung-der-17-afrikatage#breadcrumb","itemListElement":[{"@type":"ListItem","position":1,"name":"Startseite","item":"https:\/\/www.nifa-bayern.de\/"},{"@type":"ListItem","position":2,"name":"Veranstaltungen","item":"https:\/\/www.nifa-bayern.de\/?post_type=tribe_events"},{"@type":"ListItem","position":3,"name":"AKWABA 2025 &#8211; ER\u00d6FFNUNG DER 17. AFRIKATAGE"}]},{"@type":"WebSite","@id":"https:\/\/www.nifa-bayern.de\/#website","url":"https:\/\/www.nifa-bayern.de\/","name":"N\u00fcrnberger Initiative F\u00fcr Afrika","description":"","publisher":{"@id":"https:\/\/www.nifa-bayern.de\/#organization"},"potentialAction":[{"@type":"SearchAction","target":{"@type":"EntryPoint","urlTemplate":"https:\/\/www.nifa-bayern.de\/?s={search_term_string}"},"query-input":{"@type":"PropertyValueSpecification","valueRequired":true,"valueName":"search_term_string"}}],"inLanguage":"de"},{"@type":"Organization","@id":"https:\/\/www.nifa-bayern.de\/#organization","name":"N\u00fcrnberger Initiative F\u00fcr Afrika","url":"https:\/\/www.nifa-bayern.de\/","logo":{"@type":"ImageObject","inLanguage":"de","@id":"https:\/\/www.nifa-bayern.de\/#\/schema\/logo\/image\/","url":"https:\/\/www.nifa-bayern.de\/wp-content\/uploads\/2020\/07\/NIFA_Logo_small.png","contentUrl":"https:\/\/www.nifa-bayern.de\/wp-content\/uploads\/2020\/07\/NIFA_Logo_small.png","width":570,"height":231,"caption":"N\u00fcrnberger Initiative F\u00fcr Afrika"},"image":{"@id":"https:\/\/www.nifa-bayern.de\/#\/schema\/logo\/image\/"},"sameAs":["https:\/\/www.facebook.com\/NIfABayern"]}]}},"ticketed":false,"_links":{"self":[{"href":"https:\/\/www.nifa-bayern.de\/index.php?rest_route=\/wp\/v2\/tribe_events\/6931","targetHints":{"allow":["GET"]}}],"collection":[{"href":"https:\/\/www.nifa-bayern.de\/index.php?rest_route=\/wp\/v2\/tribe_events"}],"about":[{"href":"https:\/\/www.nifa-bayern.de\/index.php?rest_route=\/wp\/v2\/types\/tribe_events"}],"author":[{"embeddable":true,"href":"https:\/\/www.nifa-bayern.de\/index.php?rest_route=\/wp\/v2\/users\/2"}],"version-history":[{"count":2,"href":"https:\/\/www.nifa-bayern.de\/index.php?rest_route=\/wp\/v2\/tribe_events\/6931\/revisions"}],"predecessor-version":[{"id":6938,"href":"https:\/\/www.nifa-bayern.de\/index.php?rest_route=\/wp\/v2\/tribe_events\/6931\/revisions\/6938"}],"wp:attachment":[{"href":"https:\/\/www.nifa-bayern.de\/index.php?rest_route=%2Fwp%2Fv2%2Fmedia&parent=6931"}],"wp:term":[{"taxonomy":"post_tag","embeddable":true,"href":"https:\/\/www.nifa-bayern.de\/index.php?rest_route=%2Fwp%2Fv2%2Ftags&post=6931"},{"taxonomy":"tribe_events_cat","embeddable":true,"href":"https:\/\/www.nifa-bayern.de\/index.php?rest_route=%2Fwp%2Fv2%2Ftribe_events_cat&post=6931"}],"curies":[{"name":"wp","href":"https:\/\/api.w.org\/{rel}","templated":true}]}}