{"id":7069,"date":"2025-07-13T08:48:42","date_gmt":"2025-07-13T08:48:42","guid":{"rendered":"https:\/\/www.nifa-bayern.de\/?post_type=tribe_events&#038;p=7069"},"modified":"2025-07-13T08:48:45","modified_gmt":"2025-07-13T08:48:45","slug":"akwaba-familientag","status":"publish","type":"tribe_events","link":"https:\/\/www.nifa-bayern.de\/?tribe_events=akwaba-familientag","title":{"rendered":"AKWABA &#8211; Familientag"},"content":{"rendered":"\n<p>Es erwarten Sie tolle Mitmachaktionen, spannende Informationen, leckeres Essen, mitrei\u00dfende Musik und eine afrikanische Tanzshow \u2013 und das f\u00fcr Erwachsene, Kinder und Jugendliche!<\/p>\n\n\n\n<p>Eine Vielzahl von Vereinen aus N\u00fcrnberg und Umgebung, die ihren Fokus<br>auf Afrika legen, pr\u00e4sentieren ihre Arbeit und ihre L\u00e4nder mit speziellen Mitmachaktionen.<\/p>\n\n\n<div  class=\"tribe-events-schedule tribe-clearfix\" >\n\t<p class=\"tribe-events-schedule__datetime\">\n\t\t<span class=\"tribe-events-schedule__date tribe-events-schedule__date--start\">\n\t\t\t12 Juli 2025\t\t<\/span>\n\n\t\t\t\t\t<span class=\"tribe-events-schedule__separator tribe-events-schedule__separator--date\">\n\t\t\t\t.\t\t\t<\/span>\n\t\t\t<span class=\"tribe-events-schedule__time tribe-events-schedule__time--start\">\n\t\t\t\t16:00\t\t\t<\/span>\n\t\t\n\t\t\t\t\t\t\t\t\t<span class=\"tribe-events-schedule__separator tribe-events-schedule__separator--time\">\n\t\t\t\t\t &#8211; \t\t\t\t<\/span>\n\t\t\t\n\t\t\t\t\t\t\t<span class=\"tribe-events-schedule__time tribe-events-schedule__time--end\">\n\t\t\t\t\t22:00\t\t\t\t<\/span>\n\t\t\t\n\t\t\t\t\t\t\t<span class=\"tribe-events-schedule__timezone\">UTC+0<\/span>\n\t\t\t\t\t\t<\/p>\n<\/div>\n\n\n\n<p><\/p>\n\n\n<div  class=\"tribe-block tribe-block__event-price\" >\n\t\t<\/div>\n\n\n<div  class=\"tribe-block tribe-block__organizer__details tribe-clearfix\" >\n\t<div class=\"tribe-block__organizer__title\">\n\t\t<h3>NIfA e.V<\/h3>\n\t<\/div>\n\t\t\t<p class=\"tribe-block__organizer__phone\">0911 234 \u2013 6310<\/p>\n\t\t\t\t<p class=\"tribe-block__organizer__website\"><a href=\"http:\/\/www.nifa-bayern.de\" target=\"_blank\" rel=\"noopener noreferrer\">Veranstalter-Website anzeigen<\/a><\/p>\n\t\t\t\t<p class=\"tribe-block__organizer__email\">&#105;nfo&#064;&#110;ifa&#045;b&#097;y&#101;r&#110;.&#100;e<\/p>\n\t<\/div>\n\n\n<div  class=\"tribe-block tribe-block__venue tribe-clearfix tribe-block__venue--has-map\" >\n\t\n\t\n<div class=\"tribe-block__venue__meta\">\n\t<div class=\"tribe-block__venue__name\">\n\t\t<h3>Kulturladen Villa Leon<\/h3>\n\t<\/div>\n\n\t\n\t\t\t\t\t\t<address class=\"tribe-block__venue__address\">\n\t\t\t\t<span class=\"tribe-address\">\n\n<span class=\"tribe-street-address\">Philipp-Koerber-Weg 1<\/span>\n\t\n\t\t<br>\n\t\t<span class=\"tribe-locality\">N\u00fcrnberg<\/span><span class=\"tribe-delimiter\">,<\/span>\n\n\t<abbr class=\"tribe-region tribe-events-abbr\" title=\"Bayern\">Bayern<\/abbr>\n\n\t<span class=\"tribe-postal-code\">90439<\/span>\n\n\t<span class=\"tribe-country-name\">Germany<\/span>\n\n<\/span>\n\n\t\t\t\t\t\t\t\t\t<a class=\"tribe-events-gmap\" href=\"https:\/\/maps.google.com\/maps?f=q&#038;source=s_q&#038;hl=en&#038;geocode=&#038;q=Philipp-Koerber-Weg+1+N%C3%BCrnberg+Bayern+90439+Germany\" title=\"Klicken, um Google Karte anzuzeigen\" target=\"_blank\" rel=\"noreferrer noopener\">Google-Karte anzeigen<\/a>\t\t\t\t\t\t\t<\/address>\n\t\t\n\t\t\t\t\t<span class=\"tribe-block__venue__phone\">0911 2317400<\/span><br \/>\n\t\t\n\t\t\t\n\t<\/div>\n\t\n<div class=\"tribe-block__venue__map\">\n\t\n<iframe\n  title=\"Iframe von Google Maps, der die Adresse von Kulturladen Villa Leon anzeigt\"\n  aria-label=\"Karte des Veranstaltungsorts\"\n  width=\"310px\"\n  height=\"256px\"\n  frameborder=\"0\" style=\"border:0\"\n  src=\"https:\/\/www.google.com\/maps\/embed\/v1\/place?key=AIzaSyDNsicAsP6-VuGtAb1O9riI3oc_NOb7IOU&#038;q=Philipp-Koerber-Weg+1+N%C3%BCrnberg+Bayern+Bayern+90439+Germany+&#038;zoom=10\" allowfullscreen>\n<\/iframe>\n<\/div>\n\n\t<\/div>\n\n\n\n\n\t<div  class=\"tribe-block tribe-block__events-link\" >\n\t\t<div class=\"tribe-events tribe-common\">\n\t\t\t<div class=\"tribe-events-c-subscribe-dropdown__container\">\n\t\t\t\t<div class=\"tribe-events-c-subscribe-dropdown\">\n\t\t\t\t\t<div class=\"tribe-common-c-btn-border tribe-events-c-subscribe-dropdown__button\">\n\t\t\t\t\t\t<svg\n\t class=\"tribe-common-c-svgicon tribe-common-c-svgicon--cal-export tribe-events-c-subscribe-dropdown__export-icon\" \taria-hidden=\"true\"\n\tviewBox=\"0 0 23 17\"\n\txmlns=\"http:\/\/www.w3.org\/2000\/svg\"\n>\n\t<path fill-rule=\"evenodd\" clip-rule=\"evenodd\" d=\"M.128.896V16.13c0 .211.145.383.323.383h15.354c.179 0 .323-.172.323-.383V.896c0-.212-.144-.383-.323-.383H.451C.273.513.128.684.128.896Zm16 6.742h-.901V4.679H1.009v10.729h14.218v-3.336h.901V7.638ZM1.01 1.614h14.218v2.058H1.009V1.614Z\" \/>\n\t<path d=\"M20.5 9.846H8.312M18.524 6.953l2.89 2.909-2.855 2.855\" stroke-width=\"1.2\" stroke-linecap=\"round\" stroke-linejoin=\"round\"\/>\n<\/svg>\n\t\t\t\t\t\t<button\n\t\t\t\t\t\t\tclass=\"tribe-events-c-subscribe-dropdown__button-text\"\n\t\t\t\t\t\t\taria-expanded=\"false\"\n\t\t\t\t\t\t\taria-controls=\"tribe-events-subscribe-dropdown-content\"\n\t\t\t\t\t\t\taria-label=\"Zeigen Sie Links an um Veranstaltungen zu Ihrem Kalender hinzuzuf\u00fcgen\"\n\t\t\t\t\t\t>\n\t\t\t\t\t\t\tZum Kalender hinzuf\u00fcgen\t\t\t\t\t\t<\/button>\n\t\t\t\t\t\t<svg\n\t class=\"tribe-common-c-svgicon tribe-common-c-svgicon--caret-down tribe-events-c-subscribe-dropdown__button-icon\" \taria-hidden=\"true\"\n\tviewBox=\"0 0 10 7\"\n\txmlns=\"http:\/\/www.w3.org\/2000\/svg\"\n>\n\t<path fill-rule=\"evenodd\" clip-rule=\"evenodd\" d=\"M1.008.609L5 4.6 8.992.61l.958.958L5 6.517.05 1.566l.958-.958z\" class=\"tribe-common-c-svgicon__svg-fill\"\/>\n<\/svg>\n\t\t\t\t\t<\/div>\n\t\t\t\t\t<div id=\"tribe-events-subscribe-dropdown-content\" class=\"tribe-events-c-subscribe-dropdown__content\">\n\t\t\t\t\t\t<ul class=\"tribe-events-c-subscribe-dropdown__list\">\n\t\t\t\t\t\t\t\t\t\t\t\t\t\t\t<li class=\"tribe-events-c-subscribe-dropdown__list-item tribe-events-c-subscribe-dropdown__list-item--gcal\">\n\t\t\t\t\t\t\t\t\t<a\n\t\t\t\t\t\t\t\t\t\thref=\"https:\/\/www.google.com\/calendar\/event?action=TEMPLATE&#038;dates=20250712T160000\/20250712T220000&#038;text=AKWABA%20%26%238211%3B%20Familientag&#038;details=%3Cp%3EEs+erwarten+Sie+tolle+Mitmachaktionen%2C+spannende+Informationen%2C+leckeres+Essen%2C+mitrei%C3%9Fende+Musik+und+eine+afrikanische+Tanzshow+%E2%80%93+und+das+f%C3%BCr+Erwachsene%2C+Kinder+und+Jugendliche%21%3C%2Fp%3E+%3Cp%3EEine+Vielzahl+von+Vereinen+aus+N%C3%BCrnberg+und+Umgebung%2C+die+ihren+Fokus%3Cbr%3Eauf+Afrika+legen%2C+pr%C3%A4sentieren+ihre+Arbeit+und+ihre+L%C3%A4nder+mit+speziellen+Mitmachaktionen.%3C%2Fp%3E+%3Cp%3E%3C%2Fp%3E+%3Cdiv+class%3D%22wp-block-tribe-tickets%22%3E%3C%2Fdiv%3E&#038;location=Kulturladen%20Villa%20Leon,%20Philipp-Koerber-Weg%201,%20N\u00fcrnberg,%20Bayern,%2090439,%20Germany&#038;trp=false&#038;ctz=UTC&#038;sprop=website:https:\/\/www.nifa-bayern.de\"\n\t\t\t\t\t\t\t\t\t\tclass=\"tribe-events-c-subscribe-dropdown__list-item-link\"\n\t\t\t\t\t\t\t\t\t\ttarget=\"_blank\"\n\t\t\t\t\t\t\t\t\t\trel=\"noopener noreferrer nofollow noindex\"\n\t\t\t\t\t\t\t\t\t>\n\t\t\t\t\t\t\t\t\t\tGoogle Kalender\t\t\t\t\t\t\t\t\t<\/a>\n\t\t\t\t\t\t\t\t<\/li>\n\t\t\t\t\t\t\t\t\t\t\t\t\t\t\t<li class=\"tribe-events-c-subscribe-dropdown__list-item tribe-events-c-subscribe-dropdown__list-item--ical\">\n\t\t\t\t\t\t\t\t\t<a\n\t\t\t\t\t\t\t\t\t\thref=\"\"\n\t\t\t\t\t\t\t\t\t\tclass=\"tribe-events-c-subscribe-dropdown__list-item-link\"\n\t\t\t\t\t\t\t\t\t\ttarget=\"_blank\"\n\t\t\t\t\t\t\t\t\t\trel=\"noopener noreferrer nofollow noindex\"\n\t\t\t\t\t\t\t\t\t>\n\t\t\t\t\t\t\t\t\t\tiCalendar\t\t\t\t\t\t\t\t\t<\/a>\n\t\t\t\t\t\t\t\t<\/li>\n\t\t\t\t\t\t\t\t\t\t\t\t\t\t\t<li class=\"tribe-events-c-subscribe-dropdown__list-item tribe-events-c-subscribe-dropdown__list-item--outlook-365\">\n\t\t\t\t\t\t\t\t\t<a\n\t\t\t\t\t\t\t\t\t\thref=\"\"\n\t\t\t\t\t\t\t\t\t\tclass=\"tribe-events-c-subscribe-dropdown__list-item-link\"\n\t\t\t\t\t\t\t\t\t\ttarget=\"_blank\"\n\t\t\t\t\t\t\t\t\t\trel=\"noopener noreferrer nofollow noindex\"\n\t\t\t\t\t\t\t\t\t>\n\t\t\t\t\t\t\t\t\t\tOutlook 365\t\t\t\t\t\t\t\t\t<\/a>\n\t\t\t\t\t\t\t\t<\/li>\n\t\t\t\t\t\t\t\t\t\t\t\t\t\t\t<li class=\"tribe-events-c-subscribe-dropdown__list-item tribe-events-c-subscribe-dropdown__list-item--outlook-live\">\n\t\t\t\t\t\t\t\t\t<a\n\t\t\t\t\t\t\t\t\t\thref=\"\"\n\t\t\t\t\t\t\t\t\t\tclass=\"tribe-events-c-subscribe-dropdown__list-item-link\"\n\t\t\t\t\t\t\t\t\t\ttarget=\"_blank\"\n\t\t\t\t\t\t\t\t\t\trel=\"noopener noreferrer nofollow noindex\"\n\t\t\t\t\t\t\t\t\t>\n\t\t\t\t\t\t\t\t\t\tOutlook Live\t\t\t\t\t\t\t\t\t<\/a>\n\t\t\t\t\t\t\t\t<\/li>\n\t\t\t\t\t\t\t\t\t\t\t\t\t<\/ul>\n\t\t\t\t\t<\/div>\n\t\t\t\t<\/div>\n\t\t\t<\/div>\n\t\t<\/div>\n\t<\/div>\n\n\n\n\n\n","protected":false},"excerpt":{"rendered":"<p>Es erwarten Sie tolle Mitmachaktionen, spannende Informationen, leckeres Essen, mitrei\u00dfende Musik und eine afrikanische Tanzshow \u2013 und das f\u00fcr Erwachsene, Kinder und Jugendliche! Eine Vielzahl von Vereinen aus N\u00fcrnberg und [&hellip;]<\/p>\n","protected":false},"author":2,"featured_media":0,"template":"","meta":{"ngg_post_thumbnail":0,"_price":"","_stock":"","_tribe_ticket_header":"","_tribe_default_ticket_provider":"","_tribe_ticket_capacity":"","_ticket_start_date":"","_ticket_end_date":"","_tribe_ticket_show_description":"","_tribe_ticket_show_not_going":false,"_tribe_ticket_use_global_stock":"","_tribe_ticket_global_stock_level":"","_global_stock_mode":"","_global_stock_cap":"","_tribe_rsvp_for_event":"","_tribe_ticket_going_count":"","_tribe_ticket_not_going_count":"","_tribe_tickets_list":"[]","_tribe_ticket_has_attendee_info_fields":false,"_EventAllDay":false,"_EventTimezone":"UTC+0","_EventStartDate":"2025-07-12 16:00:00","_EventEndDate":"2025-07-12 22:00:00","_EventStartDateUTC":"2025-07-12 16:00:00","_EventEndDateUTC":"2025-07-12 22:00:00","_EventShowMap":false,"_EventShowMapLink":false,"_EventURL":"","_EventCost":"","_EventCostDescription":"","_EventCurrencySymbol":"\u20ac","_EventCurrencyCode":"EUR","_EventCurrencyPosition":"suffix","_EventDateTimeSeparator":".","_EventTimeRangeSeparator":" - ","_EventOrganizerID":[7070],"_EventVenueID":[7071],"_OrganizerEmail":"","_OrganizerPhone":"","_OrganizerWebsite":"","_VenueAddress":"","_VenueCity":"","_VenueCountry":"","_VenueProvince":"","_VenueState":"","_VenueZip":"","_VenuePhone":"","_VenueURL":"","_VenueStateProvince":"","_VenueLat":"","_VenueLng":"","_VenueShowMap":false,"_VenueShowMapLink":false,"_tribe_events_status":"","_tribe_events_status_reason":"","footnotes":"","_tec_slr_enabled":"","_tec_slr_layout":""},"tags":[],"tribe_events_cat":[],"class_list":["post-7069","tribe_events","type-tribe_events","status-publish","hentry"],"yoast_head":"<!-- This site is optimized with the Yoast SEO plugin v27.5 - https:\/\/yoast.com\/product\/yoast-seo-wordpress\/ -->\n<title>AKWABA - Familientag - N\u00fcrnberger Initiative F\u00fcr Afrika e.V.<\/title>\n<meta name=\"robots\" content=\"index, follow, max-snippet:-1, max-image-preview:large, max-video-preview:-1\" \/>\n<link rel=\"canonical\" href=\"https:\/\/www.nifa-bayern.de\/?tribe_events=akwaba-familientag\" \/>\n<meta property=\"og:locale\" content=\"de_DE\" \/>\n<meta property=\"og:type\" content=\"article\" \/>\n<meta property=\"og:title\" content=\"AKWABA - Familientag - N\u00fcrnberger Initiative F\u00fcr Afrika e.V.\" \/>\n<meta property=\"og:description\" content=\"Es erwarten Sie tolle Mitmachaktionen, spannende Informationen, leckeres Essen, mitrei\u00dfende Musik und eine afrikanische Tanzshow \u2013 und das f\u00fcr Erwachsene, Kinder und Jugendliche! Eine Vielzahl von Vereinen aus N\u00fcrnberg und [&hellip;]\" \/>\n<meta property=\"og:url\" content=\"https:\/\/www.nifa-bayern.de\/?tribe_events=akwaba-familientag\" \/>\n<meta property=\"og:site_name\" content=\"N\u00fcrnberger Initiative F\u00fcr Afrika e.V.\" \/>\n<meta property=\"article:publisher\" content=\"https:\/\/www.facebook.com\/NIfABayern\" \/>\n<meta property=\"article:modified_time\" content=\"2025-07-13T08:48:45+00:00\" \/>\n<meta name=\"twitter:card\" content=\"summary_large_image\" \/>\n<meta name=\"twitter:label1\" content=\"Gesch\u00e4tzte Lesezeit\" \/>\n\t<meta name=\"twitter:data1\" content=\"1\u00a0Minute\" \/>\n<script type=\"application\/ld+json\" class=\"yoast-schema-graph\">{\"@context\":\"https:\\\/\\\/schema.org\",\"@graph\":[{\"@type\":\"WebPage\",\"@id\":\"https:\\\/\\\/www.nifa-bayern.de\\\/?tribe_events=akwaba-familientag\",\"url\":\"https:\\\/\\\/www.nifa-bayern.de\\\/?tribe_events=akwaba-familientag\",\"name\":\"AKWABA - Familientag - N\u00fcrnberger Initiative F\u00fcr Afrika e.V.\",\"isPartOf\":{\"@id\":\"https:\\\/\\\/www.nifa-bayern.de\\\/#website\"},\"datePublished\":\"2025-07-13T08:48:42+00:00\",\"dateModified\":\"2025-07-13T08:48:45+00:00\",\"breadcrumb\":{\"@id\":\"https:\\\/\\\/www.nifa-bayern.de\\\/?tribe_events=akwaba-familientag#breadcrumb\"},\"inLanguage\":\"de\",\"potentialAction\":[{\"@type\":\"ReadAction\",\"target\":[\"https:\\\/\\\/www.nifa-bayern.de\\\/?tribe_events=akwaba-familientag\"]}]},{\"@type\":\"BreadcrumbList\",\"@id\":\"https:\\\/\\\/www.nifa-bayern.de\\\/?tribe_events=akwaba-familientag#breadcrumb\",\"itemListElement\":[{\"@type\":\"ListItem\",\"position\":1,\"name\":\"Startseite\",\"item\":\"https:\\\/\\\/www.nifa-bayern.de\\\/\"},{\"@type\":\"ListItem\",\"position\":2,\"name\":\"Veranstaltungen\",\"item\":\"https:\\\/\\\/www.nifa-bayern.de\\\/?post_type=tribe_events\"},{\"@type\":\"ListItem\",\"position\":3,\"name\":\"AKWABA &#8211; Familientag\"}]},{\"@type\":\"WebSite\",\"@id\":\"https:\\\/\\\/www.nifa-bayern.de\\\/#website\",\"url\":\"https:\\\/\\\/www.nifa-bayern.de\\\/\",\"name\":\"N\u00fcrnberger Initiative F\u00fcr Afrika\",\"description\":\"\",\"publisher\":{\"@id\":\"https:\\\/\\\/www.nifa-bayern.de\\\/#organization\"},\"potentialAction\":[{\"@type\":\"SearchAction\",\"target\":{\"@type\":\"EntryPoint\",\"urlTemplate\":\"https:\\\/\\\/www.nifa-bayern.de\\\/?s={search_term_string}\"},\"query-input\":{\"@type\":\"PropertyValueSpecification\",\"valueRequired\":true,\"valueName\":\"search_term_string\"}}],\"inLanguage\":\"de\"},{\"@type\":\"Organization\",\"@id\":\"https:\\\/\\\/www.nifa-bayern.de\\\/#organization\",\"name\":\"N\u00fcrnberger Initiative F\u00fcr Afrika\",\"url\":\"https:\\\/\\\/www.nifa-bayern.de\\\/\",\"logo\":{\"@type\":\"ImageObject\",\"inLanguage\":\"de\",\"@id\":\"https:\\\/\\\/www.nifa-bayern.de\\\/#\\\/schema\\\/logo\\\/image\\\/\",\"url\":\"https:\\\/\\\/www.nifa-bayern.de\\\/wp-content\\\/uploads\\\/2020\\\/07\\\/NIFA_Logo_small.png\",\"contentUrl\":\"https:\\\/\\\/www.nifa-bayern.de\\\/wp-content\\\/uploads\\\/2020\\\/07\\\/NIFA_Logo_small.png\",\"width\":570,\"height\":231,\"caption\":\"N\u00fcrnberger Initiative F\u00fcr Afrika\"},\"image\":{\"@id\":\"https:\\\/\\\/www.nifa-bayern.de\\\/#\\\/schema\\\/logo\\\/image\\\/\"},\"sameAs\":[\"https:\\\/\\\/www.facebook.com\\\/NIfABayern\"]}]}<\/script>\n<!-- \/ Yoast SEO plugin. -->","yoast_head_json":{"title":"AKWABA - Familientag - N\u00fcrnberger Initiative F\u00fcr Afrika e.V.","robots":{"index":"index","follow":"follow","max-snippet":"max-snippet:-1","max-image-preview":"max-image-preview:large","max-video-preview":"max-video-preview:-1"},"canonical":"https:\/\/www.nifa-bayern.de\/?tribe_events=akwaba-familientag","og_locale":"de_DE","og_type":"article","og_title":"AKWABA - Familientag - N\u00fcrnberger Initiative F\u00fcr Afrika e.V.","og_description":"Es erwarten Sie tolle Mitmachaktionen, spannende Informationen, leckeres Essen, mitrei\u00dfende Musik und eine afrikanische Tanzshow \u2013 und das f\u00fcr Erwachsene, Kinder und Jugendliche! Eine Vielzahl von Vereinen aus N\u00fcrnberg und [&hellip;]","og_url":"https:\/\/www.nifa-bayern.de\/?tribe_events=akwaba-familientag","og_site_name":"N\u00fcrnberger Initiative F\u00fcr Afrika e.V.","article_publisher":"https:\/\/www.facebook.com\/NIfABayern","article_modified_time":"2025-07-13T08:48:45+00:00","twitter_card":"summary_large_image","twitter_misc":{"Gesch\u00e4tzte Lesezeit":"1\u00a0Minute"},"schema":{"@context":"https:\/\/schema.org","@graph":[{"@type":"WebPage","@id":"https:\/\/www.nifa-bayern.de\/?tribe_events=akwaba-familientag","url":"https:\/\/www.nifa-bayern.de\/?tribe_events=akwaba-familientag","name":"AKWABA - Familientag - N\u00fcrnberger Initiative F\u00fcr Afrika e.V.","isPartOf":{"@id":"https:\/\/www.nifa-bayern.de\/#website"},"datePublished":"2025-07-13T08:48:42+00:00","dateModified":"2025-07-13T08:48:45+00:00","breadcrumb":{"@id":"https:\/\/www.nifa-bayern.de\/?tribe_events=akwaba-familientag#breadcrumb"},"inLanguage":"de","potentialAction":[{"@type":"ReadAction","target":["https:\/\/www.nifa-bayern.de\/?tribe_events=akwaba-familientag"]}]},{"@type":"BreadcrumbList","@id":"https:\/\/www.nifa-bayern.de\/?tribe_events=akwaba-familientag#breadcrumb","itemListElement":[{"@type":"ListItem","position":1,"name":"Startseite","item":"https:\/\/www.nifa-bayern.de\/"},{"@type":"ListItem","position":2,"name":"Veranstaltungen","item":"https:\/\/www.nifa-bayern.de\/?post_type=tribe_events"},{"@type":"ListItem","position":3,"name":"AKWABA &#8211; Familientag"}]},{"@type":"WebSite","@id":"https:\/\/www.nifa-bayern.de\/#website","url":"https:\/\/www.nifa-bayern.de\/","name":"N\u00fcrnberger Initiative F\u00fcr Afrika","description":"","publisher":{"@id":"https:\/\/www.nifa-bayern.de\/#organization"},"potentialAction":[{"@type":"SearchAction","target":{"@type":"EntryPoint","urlTemplate":"https:\/\/www.nifa-bayern.de\/?s={search_term_string}"},"query-input":{"@type":"PropertyValueSpecification","valueRequired":true,"valueName":"search_term_string"}}],"inLanguage":"de"},{"@type":"Organization","@id":"https:\/\/www.nifa-bayern.de\/#organization","name":"N\u00fcrnberger Initiative F\u00fcr Afrika","url":"https:\/\/www.nifa-bayern.de\/","logo":{"@type":"ImageObject","inLanguage":"de","@id":"https:\/\/www.nifa-bayern.de\/#\/schema\/logo\/image\/","url":"https:\/\/www.nifa-bayern.de\/wp-content\/uploads\/2020\/07\/NIFA_Logo_small.png","contentUrl":"https:\/\/www.nifa-bayern.de\/wp-content\/uploads\/2020\/07\/NIFA_Logo_small.png","width":570,"height":231,"caption":"N\u00fcrnberger Initiative F\u00fcr Afrika"},"image":{"@id":"https:\/\/www.nifa-bayern.de\/#\/schema\/logo\/image\/"},"sameAs":["https:\/\/www.facebook.com\/NIfABayern"]}]}},"ticketed":false,"_links":{"self":[{"href":"https:\/\/www.nifa-bayern.de\/index.php?rest_route=\/wp\/v2\/tribe_events\/7069","targetHints":{"allow":["GET"]}}],"collection":[{"href":"https:\/\/www.nifa-bayern.de\/index.php?rest_route=\/wp\/v2\/tribe_events"}],"about":[{"href":"https:\/\/www.nifa-bayern.de\/index.php?rest_route=\/wp\/v2\/types\/tribe_events"}],"author":[{"embeddable":true,"href":"https:\/\/www.nifa-bayern.de\/index.php?rest_route=\/wp\/v2\/users\/2"}],"version-history":[{"count":1,"href":"https:\/\/www.nifa-bayern.de\/index.php?rest_route=\/wp\/v2\/tribe_events\/7069\/revisions"}],"predecessor-version":[{"id":7073,"href":"https:\/\/www.nifa-bayern.de\/index.php?rest_route=\/wp\/v2\/tribe_events\/7069\/revisions\/7073"}],"wp:attachment":[{"href":"https:\/\/www.nifa-bayern.de\/index.php?rest_route=%2Fwp%2Fv2%2Fmedia&parent=7069"}],"wp:term":[{"taxonomy":"post_tag","embeddable":true,"href":"https:\/\/www.nifa-bayern.de\/index.php?rest_route=%2Fwp%2Fv2%2Ftags&post=7069"},{"taxonomy":"tribe_events_cat","embeddable":true,"href":"https:\/\/www.nifa-bayern.de\/index.php?rest_route=%2Fwp%2Fv2%2Ftribe_events_cat&post=7069"}],"curies":[{"name":"wp","href":"https:\/\/api.w.org\/{rel}","templated":true}]}}